{"id":2784,"date":"2026-04-07T11:57:05","date_gmt":"2026-04-07T11:57:05","guid":{"rendered":"https:\/\/lesptyfils.fr\/?post_type=product&#038;p=2784"},"modified":"2026-04-07T12:04:00","modified_gmt":"2026-04-07T12:04:00","slug":"porte-cles","status":"publish","type":"product","link":"https:\/\/lesptyfils.fr\/?product=porte-cles","title":{"rendered":"Porte &#8211; cl\u00e9s"},"content":{"rendered":"<p data-start=\"213\" data-end=\"432\">Que ce soit pour un usage quotidien, ce porte-cl\u00e9s accompagne chaque instant avec praticit\u00e9 et \u00e9l\u00e9gance. Compact et l\u00e9ger, il permet de garder ses cl\u00e9s toujours \u00e0 port\u00e9e de main tout en apportant une touche personnelle.<\/p>\n<p data-start=\"434\" data-end=\"574\">Parfait pour celles qui appr\u00e9cient les accessoires \u00e0 la fois utiles et charg\u00e9s de sens, il se distingue par son design soign\u00e9 et intemporel.<\/p>\n<p data-start=\"576\" data-end=\"801\">Son esth\u00e9tique sobre, sublim\u00e9e par l\u2019inscription <strong data-start=\"625\" data-end=\"646\">\u00ab maman d\u2019amour \u00bb<\/strong>, est compl\u00e9t\u00e9e par la possibilit\u00e9 d\u2019ajouter le pr\u00e9nom des enfants. Une personnalisation qui transforme ce porte-cl\u00e9s en un objet unique, rempli d\u2019\u00e9motion.<\/p>\n<p data-start=\"803\" data-end=\"965\">\u00c0 l\u2019occasion de la F\u00eate des M\u00e8res, il constitue un cadeau particuli\u00e8rement touchant, id\u00e9al pour offrir une attention \u00e0 la fois symbolique, personnelle et durable.<\/p>\n<p><span style=\"text-decoration: underline; color: #6b8f67;\">Dimensions : <\/span><\/p>\n<ul>\n<li>L 12 cm<\/li>\n<\/ul>\n<p data-start=\"684\" data-end=\"829\"><img loading=\"lazy\" decoding=\"async\" class=\"aligncenter wp-image-2421 size-large\" src=\"https:\/\/lesptyfils.fr\/wp-content\/uploads\/2026\/01\/DELAI-DE-FABRICATION-1024x455.png\" alt=\"\" width=\"1024\" height=\"455\" srcset=\"https:\/\/lesptyfils.fr\/wp-content\/uploads\/2026\/01\/DELAI-DE-FABRICATION-1024x455.png 1024w, https:\/\/lesptyfils.fr\/wp-content\/uploads\/2026\/01\/DELAI-DE-FABRICATION-300x133.png 300w, https:\/\/lesptyfils.fr\/wp-content\/uploads\/2026\/01\/DELAI-DE-FABRICATION-768x341.png 768w, https:\/\/lesptyfils.fr\/wp-content\/uploads\/2026\/01\/DELAI-DE-FABRICATION-1536x683.png 1536w, https:\/\/lesptyfils.fr\/wp-content\/uploads\/2026\/01\/DELAI-DE-FABRICATION-1140x507.png 1140w, https:\/\/lesptyfils.fr\/wp-content\/uploads\/2026\/01\/DELAI-DE-FABRICATION-920x409.png 920w, https:\/\/lesptyfils.fr\/wp-content\/uploads\/2026\/01\/DELAI-DE-FABRICATION-575x256.png 575w, https:\/\/lesptyfils.fr\/wp-content\/uploads\/2026\/01\/DELAI-DE-FABRICATION-380x169.png 380w, https:\/\/lesptyfils.fr\/wp-content\/uploads\/2026\/01\/DELAI-DE-FABRICATION-800x356.png 800w, https:\/\/lesptyfils.fr\/wp-content\/uploads\/2026\/01\/DELAI-DE-FABRICATION.png 2000w\" sizes=\"auto, (max-width: 1024px) 100vw, 1024px\" \/><\/p>\n","protected":false},"excerpt":{"rendered":"<p>Que ce soit pour un usage quotidien, ce porte-cl\u00e9s accompagne chaque instant avec praticit\u00e9 et \u00e9l\u00e9gance. Compact et l\u00e9ger, il permet de garder ses cl\u00e9s toujours \u00e0 port\u00e9e de main tout en apportant une touche personnelle. Parfait pour celles qui appr\u00e9cient les accessoires \u00e0 la fois utiles et charg\u00e9s de sens, il se distingue par son design soign\u00e9 et intemporel. Son esth\u00e9tique sobre, sublim\u00e9e par l\u2019inscription \u00ab maman d\u2019amour \u00bb, est compl\u00e9t\u00e9e par la possibilit\u00e9 d\u2019ajouter le pr\u00e9nom des enfants. Une personnalisation qui transforme ce porte-cl\u00e9s en un objet unique, rempli d\u2019\u00e9motion. \u00c0 l\u2019occasion de la F\u00eate des M\u00e8res, il constitue un cadeau particuli\u00e8rement touchant, id\u00e9al pour offrir une attention \u00e0 la fois symbolique, personnelle et durable. Dimensions : L [&hellip;]<\/p>\n","protected":false},"featured_media":2776,"template":"","meta":{"om_disable_all_campaigns":false,"_monsterinsights_skip_tracking":false,"_monsterinsights_sitenote_active":false,"_monsterinsights_sitenote_note":"","_monsterinsights_sitenote_category":0,"_glsr_average":0,"_glsr_ranking":0,"_glsr_reviews":0},"product_brand":[],"product_cat":[165],"product_tag":[],"class_list":{"0":"post-2784","1":"product","2":"type-product","3":"status-publish","4":"has-post-thumbnail","6":"product_cat-collection-fete-des-meres","8":"first","9":"instock","10":"shipping-taxable","11":"purchasable","12":"product-type-simple"},"aioseo_notices":[],"jetpack_sharing_enabled":true,"_links":{"self":[{"href":"https:\/\/lesptyfils.fr\/index.php?rest_route=\/wp\/v2\/product\/2784","targetHints":{"allow":["GET"]}}],"collection":[{"href":"https:\/\/lesptyfils.fr\/index.php?rest_route=\/wp\/v2\/product"}],"about":[{"href":"https:\/\/lesptyfils.fr\/index.php?rest_route=\/wp\/v2\/types\/product"}],"wp:featuredmedia":[{"embeddable":true,"href":"https:\/\/lesptyfils.fr\/index.php?rest_route=\/wp\/v2\/media\/2776"}],"wp:attachment":[{"href":"https:\/\/lesptyfils.fr\/index.php?rest_route=%2Fwp%2Fv2%2Fmedia&parent=2784"}],"wp:term":[{"taxonomy":"product_brand","embeddable":true,"href":"https:\/\/lesptyfils.fr\/index.php?rest_route=%2Fwp%2Fv2%2Fproduct_brand&post=2784"},{"taxonomy":"product_cat","embeddable":true,"href":"https:\/\/lesptyfils.fr\/index.php?rest_route=%2Fwp%2Fv2%2Fproduct_cat&post=2784"},{"taxonomy":"product_tag","embeddable":true,"href":"https:\/\/lesptyfils.fr\/index.php?rest_route=%2Fwp%2Fv2%2Fproduct_tag&post=2784"}],"curies":[{"name":"wp","href":"https:\/\/api.w.org\/{rel}","templated":true}]}}